{"id":6024,"date":"2025-02-20T13:26:35","date_gmt":"2025-02-20T13:26:35","guid":{"rendered":"https:\/\/inclusive-apprenticeships.eu\/inclusive-courses\/"},"modified":"2025-08-07T20:37:59","modified_gmt":"2025-08-07T20:37:59","slug":"inclusive-courses","status":"publish","type":"page","link":"https:\/\/inclusive-apprenticeships.eu\/de\/inclusive-courses\/","title":{"rendered":"Inclusive Apprenticeships Kurse"},"content":{"rendered":"<section class=\"l-section wpb_row height_medium\"><div class=\"l-section-h i-cf\"><div class=\"g-cols vc_row via_flex valign_top type_default stacking_default\"><div class=\"vc_col-sm-12 wpb_column vc_column_container\"><div class=\"vc_column-inner\"><div class=\"wpb_wrapper\"><div class=\"wpb_text_column\"><div class=\"wpb_wrapper\"><p data-start=\"75\" data-end=\"158\"><strong> Lassen Sie uns eine inklusive Zukunft aufbauen \u2013 ein Denkansto\u00df nach dem anderen.<\/strong><\/p>\n<p data-start=\"75\" data-end=\"158\">Bevor wir beginnen, nehmen Sie sich bitte einen Moment Zeit, um Ihren aktuellen Wissensstand und Ihr Selbstvertrauen im Umgang mit inklusiven Lehrlingsausbildungen einzusch\u00e4tzen.<\/p>\n<p data-start=\"75\" data-end=\"158\">Nach Abschluss Ihrer Schulung kehren Sie bitte auf diese Seite zur\u00fcck, um die entsprechende Selbsteinsch\u00e4tzung durchzuf\u00fchren.<\/p>\n<p>Mit dieser erneuten Einsch\u00e4tzung k\u00f6nnen Sie Ihre pers\u00f6nliche Entwicklung bewusst wahrnehmen, Ihre Wissenszuw\u00e4chse erkennen und potenzielle Lernfelder weiterverfolgen.<\/p>\n<\/div><\/div><div class=\"w-btn-wrapper align_center\"><a class=\"w-btn us-btn-style_1\" href=\"https:\/\/forms.gle\/5pKTz1ynVhUYiwJbA\"><span class=\"w-btn-label\">Selbsteinsch\u00e4tzung vor der Schulung<\/span><\/a><\/div><div class=\"w-btn-wrapper align_center\"><a class=\"w-btn us-btn-style_1\" href=\"https:\/\/forms.gle\/6nbeKFR36iQ7aRBj7\"><span class=\"w-btn-label\">Selbsteinsch\u00e4tzung nach der Schulung<\/span><\/a><\/div><div class=\"w-grid type_grid layout_634 cols_3 overflow_hidden\" id=\"us_grid_1\" style=\"--gap:1.5rem;\" data-filterable=\"true\"><style>@media (max-width:1280px){#us_grid_1 .w-grid-item{width:50%}}@media (max-width:900px){#us_grid_1 .w-grid-list{margin:0}#us_grid_1 .w-grid-item{width:100%;padding:0;margin-bottom:var(--gap,0px)}}.layout_634 .w-grid-item-h{background:#333;border-radius:0.3rem;box-shadow:0 0.03rem 0.06rem rgba(0,0,0,0.1),0 0.1rem 0.3rem rgba(0,0,0,0.1);transition-duration:0.3s}.no-touch .layout_634 .w-grid-item-h:hover{box-shadow:0 0.12rem 0.24rem rgba(0,0,0,0.1),0 0.4rem 1.2rem rgba(0,0,0,0.15);z-index:4}.layout_634 .usg_post_image_1{transition-duration:0.3s;transform-origin:50% 50%;transform:scale(1) translate(0%,0%)}.layout_634 .w-grid-item-h:hover .usg_post_image_1{transform:scale(1.1) translate(0%,0%);opacity:1}.layout_634 .usg_vwrapper_1{position:absolute!important;right:0!important;bottom:0!important;left:0!important;background:linear-gradient(transparent,rgba(30,30,30,0.8))!important;padding:15% 7% 7% 7%!important}.layout_634 .usg_post_title_1{color:#ffffff!important;font-size:1.1rem!important;font-weight:700!important}@media (max-width:900px){.layout_634 .usg_post_title_1{font-size:1.2rem!important}}<\/style><div class=\"w-grid-list\">\t<article class=\"w-grid-item size_1x1 post-3476 stm-courses type-stm-courses status-publish has-post-thumbnail hentry stm_lms_course_taxonomy-inclusive-apprenticeships-training-programme-de stm_lms_course_taxonomy-schulungsprogramm-fuer-integrative-lehrstellen\" data-id=\"3476\">\r\n\t\t<div class=\"w-grid-item-h\">\r\n\t\t\t\t\t\t<div class=\"w-post-elm post_image usg_post_image_1 stretched\"><a href=\"https:\/\/inclusive-apprenticeships.eu\/de\/courses-page\/modul-01-allgemeine-grundsatze-der-sozialen-eingliederung-und-die-verschiedenen-formen-von-benachteiligung-und-chancenlosigkeit\/\" aria-label=\"Modul 01: Allgemeine Grunds\u00e4tze der sozialen Inklusion und welche Formen von Benachteiligung und Chancenminderung es gibt\"><img loading=\"lazy\" decoding=\"async\" width=\"1024\" height=\"683\" src=\"https:\/\/inclusive-apprenticeships.eu\/wp-content\/uploads\/2025\/01\/hannah-busing-Zyx1bK9mqmA-unsplash-5-1024x683.jpg\" class=\"attachment-large size-large wp-post-image\" alt=\"\" srcset=\"https:\/\/inclusive-apprenticeships.eu\/wp-content\/uploads\/2025\/01\/hannah-busing-Zyx1bK9mqmA-unsplash-5-1024x683.jpg 1024w, https:\/\/inclusive-apprenticeships.eu\/wp-content\/uploads\/2025\/01\/hannah-busing-Zyx1bK9mqmA-unsplash-5-300x200.jpg 300w\" sizes=\"auto, (max-width: 1024px) 100vw, 1024px\" \/><\/a><\/div><div class=\"w-vwrapper usg_vwrapper_1 align_none valign_top\"><h2 class=\"w-post-elm post_title usg_post_title_1 has_text_color entry-title color_link_inherit\"><a href=\"https:\/\/inclusive-apprenticeships.eu\/de\/courses-page\/modul-01-allgemeine-grundsatze-der-sozialen-eingliederung-und-die-verschiedenen-formen-von-benachteiligung-und-chancenlosigkeit\/\">Modul 01: Allgemeine Grunds\u00e4tze der sozialen Inklusion und welche Formen von Benachteiligung und Chancenminderung es gibt<\/a><\/h2><\/div>\t\t<\/div>\r\n\t<\/article>\r\n\t<article class=\"w-grid-item size_1x1 post-3482 stm-courses type-stm-courses status-publish has-post-thumbnail hentry stm_lms_course_taxonomy-inclusive-apprenticeships-training-programme-de stm_lms_course_taxonomy-schulungsprogramm-fuer-integrative-lehrstellen\" data-id=\"3482\">\r\n\t\t<div class=\"w-grid-item-h\">\r\n\t\t\t\t\t\t<div class=\"w-post-elm post_image usg_post_image_1 stretched\"><a href=\"https:\/\/inclusive-apprenticeships.eu\/de\/courses-page\/modul-02-vorteile-und-herausforderungen-der-unterstutzung-von-auszubildenden-mit-geringeren-chancen-oder-aus-benachteiligten-verhaltnissen\/\" aria-label=\"Modul 02: Nutzen und Herausforderungen der F\u00f6rderung von Auszubildenden mit geringeren Chancen oder aus benachteiligten Verh\u00e4ltnissen\"><img loading=\"lazy\" decoding=\"async\" width=\"1024\" height=\"682\" src=\"https:\/\/inclusive-apprenticeships.eu\/wp-content\/uploads\/2025\/01\/When-is-title-insurance-necessary-Independence-Title-Inc-1.jpeg\" class=\"attachment-large size-large wp-post-image\" alt=\"\" srcset=\"https:\/\/inclusive-apprenticeships.eu\/wp-content\/uploads\/2025\/01\/When-is-title-insurance-necessary-Independence-Title-Inc-1.jpeg 1024w, https:\/\/inclusive-apprenticeships.eu\/wp-content\/uploads\/2025\/01\/When-is-title-insurance-necessary-Independence-Title-Inc-1-300x200.jpeg 300w\" sizes=\"auto, (max-width: 1024px) 100vw, 1024px\" \/><\/a><\/div><div class=\"w-vwrapper usg_vwrapper_1 align_none valign_top\"><h2 class=\"w-post-elm post_title usg_post_title_1 has_text_color entry-title color_link_inherit\"><a href=\"https:\/\/inclusive-apprenticeships.eu\/de\/courses-page\/modul-02-vorteile-und-herausforderungen-der-unterstutzung-von-auszubildenden-mit-geringeren-chancen-oder-aus-benachteiligten-verhaltnissen\/\">Modul 02: Nutzen und Herausforderungen der F\u00f6rderung von Auszubildenden mit geringeren Chancen oder aus benachteiligten Verh\u00e4ltnissen<\/a><\/h2><\/div>\t\t<\/div>\r\n\t<\/article>\r\n\t<article class=\"w-grid-item size_1x1 post-3484 stm-courses type-stm-courses status-publish has-post-thumbnail hentry stm_lms_course_taxonomy-schulungsprogramm-fuer-integrative-lehrstellen\" data-id=\"3484\">\r\n\t\t<div class=\"w-grid-item-h\">\r\n\t\t\t\t\t\t<div class=\"w-post-elm post_image usg_post_image_1 stretched\"><a href=\"https:\/\/inclusive-apprenticeships.eu\/de\/courses-page\/modul-03-methoden-und-techniken-um-festzustellen-dass-ein-auszubildender-benachteiligt-ist-oder-eine-form-der-benachteiligung-erfahrt\/\" aria-label=\"Modul 03: Methoden und Techniken, um festzustellen, dass ein Auszubildender benachteiligt ist oder eine Form der Benachteiligung erf\u00e4hrt\"><img loading=\"lazy\" decoding=\"async\" width=\"1024\" height=\"731\" src=\"https:\/\/inclusive-apprenticeships.eu\/wp-content\/uploads\/2025\/06\/4-2-1024x731.jpg\" class=\"attachment-large size-large wp-post-image\" alt=\"\" srcset=\"https:\/\/inclusive-apprenticeships.eu\/wp-content\/uploads\/2025\/06\/4-2-1024x731.jpg 1024w, https:\/\/inclusive-apprenticeships.eu\/wp-content\/uploads\/2025\/06\/4-2-300x214.jpg 300w, https:\/\/inclusive-apprenticeships.eu\/wp-content\/uploads\/2025\/06\/4-2-1120x800.jpg 1120w, https:\/\/inclusive-apprenticeships.eu\/wp-content\/uploads\/2025\/06\/4-2.jpg 1400w\" sizes=\"auto, (max-width: 1024px) 100vw, 1024px\" \/><\/a><\/div><div class=\"w-vwrapper usg_vwrapper_1 align_none valign_top\"><h2 class=\"w-post-elm post_title usg_post_title_1 has_text_color entry-title color_link_inherit\"><a href=\"https:\/\/inclusive-apprenticeships.eu\/de\/courses-page\/modul-03-methoden-und-techniken-um-festzustellen-dass-ein-auszubildender-benachteiligt-ist-oder-eine-form-der-benachteiligung-erfahrt\/\">Modul 03: Methoden und Techniken, um festzustellen, dass ein Auszubildender benachteiligt ist oder eine Form der Benachteiligung erf\u00e4hrt<\/a><\/h2><\/div>\t\t<\/div>\r\n\t<\/article>\r\n\t<article class=\"w-grid-item size_1x1 post-4242 stm-courses type-stm-courses status-publish has-post-thumbnail hentry stm_lms_course_taxonomy-inclusive-apprenticeships-training-programme-de\" data-id=\"4242\">\r\n\t\t<div class=\"w-grid-item-h\">\r\n\t\t\t\t\t\t<div class=\"w-post-elm post_image usg_post_image_1 stretched\"><a href=\"https:\/\/inclusive-apprenticeships.eu\/de\/courses-page\/how-to-develop-and-deliver-induction-programme-that-is-tailored-to-apprentices-with-fewer-opportunities-or-experiencing-some-form-of-disadvantage\/\" aria-label=\"Modul 04: Wie entwickelt und liefert man ein Einf\u00fchrungsprogramm, das auf Auszubildende mit geringeren Chancen bzw. Benachteiligte zugeschnitten ist?\"><img loading=\"lazy\" decoding=\"async\" width=\"1024\" height=\"683\" src=\"https:\/\/inclusive-apprenticeships.eu\/wp-content\/uploads\/2024\/09\/pexels-edmond-dantes-4347478-1024x683.jpeg\" class=\"attachment-large size-large wp-post-image\" alt=\"\" srcset=\"https:\/\/inclusive-apprenticeships.eu\/wp-content\/uploads\/2024\/09\/pexels-edmond-dantes-4347478-1024x683.jpeg 1024w, https:\/\/inclusive-apprenticeships.eu\/wp-content\/uploads\/2024\/09\/pexels-edmond-dantes-4347478-300x200.jpeg 300w, https:\/\/inclusive-apprenticeships.eu\/wp-content\/uploads\/2024\/09\/pexels-edmond-dantes-4347478.jpeg 1920w\" sizes=\"auto, (max-width: 1024px) 100vw, 1024px\" \/><\/a><\/div><div class=\"w-vwrapper usg_vwrapper_1 align_none valign_top\"><h2 class=\"w-post-elm post_title usg_post_title_1 has_text_color entry-title color_link_inherit\"><a href=\"https:\/\/inclusive-apprenticeships.eu\/de\/courses-page\/how-to-develop-and-deliver-induction-programme-that-is-tailored-to-apprentices-with-fewer-opportunities-or-experiencing-some-form-of-disadvantage\/\">Modul 04: Wie entwickelt und liefert man ein Einf\u00fchrungsprogramm, das auf Auszubildende mit geringeren Chancen bzw. Benachteiligte zugeschnitten ist?<\/a><\/h2><\/div>\t\t<\/div>\r\n\t<\/article>\r\n\t<article class=\"w-grid-item size_1x1 post-4467 stm-courses type-stm-courses status-publish has-post-thumbnail hentry stm_lms_course_taxonomy-inclusive-apprenticeships-training-programme-de\" data-id=\"4467\">\r\n\t\t<div class=\"w-grid-item-h\">\r\n\t\t\t\t\t\t<div class=\"w-post-elm post_image usg_post_image_1 stretched\"><a href=\"https:\/\/inclusive-apprenticeships.eu\/de\/courses-page\/how-to-plan-the-necessary-resources-to-support-apprentices-with-fewer-opportunities-or-experiencing-some-form-of-disadvantage\/\" aria-label=\"Modul 05: Wie plant man die notwendigen Ressourcen, um Auszubildende mit geringeren Chancen bzw. Benachteiligte zu unterst\u00fctzen?\"><img loading=\"lazy\" decoding=\"async\" width=\"1024\" height=\"427\" src=\"https:\/\/inclusive-apprenticeships.eu\/wp-content\/uploads\/2024\/05\/close-up-woman-online-class-1-1024x427.jpeg\" class=\"attachment-large size-large wp-post-image\" alt=\"\" srcset=\"https:\/\/inclusive-apprenticeships.eu\/wp-content\/uploads\/2024\/05\/close-up-woman-online-class-1-1024x427.jpeg 1024w, https:\/\/inclusive-apprenticeships.eu\/wp-content\/uploads\/2024\/05\/close-up-woman-online-class-1-300x125.jpeg 300w, https:\/\/inclusive-apprenticeships.eu\/wp-content\/uploads\/2024\/05\/close-up-woman-online-class-1.jpeg 1920w\" sizes=\"auto, (max-width: 1024px) 100vw, 1024px\" \/><\/a><\/div><div class=\"w-vwrapper usg_vwrapper_1 align_none valign_top\"><h2 class=\"w-post-elm post_title usg_post_title_1 has_text_color entry-title color_link_inherit\"><a href=\"https:\/\/inclusive-apprenticeships.eu\/de\/courses-page\/how-to-plan-the-necessary-resources-to-support-apprentices-with-fewer-opportunities-or-experiencing-some-form-of-disadvantage\/\">Modul 05: Wie plant man die notwendigen Ressourcen, um Auszubildende mit geringeren Chancen bzw. Benachteiligte zu unterst\u00fctzen?<\/a><\/h2><\/div>\t\t<\/div>\r\n\t<\/article>\r\n\t<article class=\"w-grid-item size_1x1 post-4599 stm-courses type-stm-courses status-publish has-post-thumbnail hentry stm_lms_course_taxonomy-inclusive-apprenticeships-training-programme-de\" data-id=\"4599\">\r\n\t\t<div class=\"w-grid-item-h\">\r\n\t\t\t\t\t\t<div class=\"w-post-elm post_image usg_post_image_1 stretched\"><a href=\"https:\/\/inclusive-apprenticeships.eu\/de\/courses-page\/modul-06-staerken-und-talente-von-benachteiligten-auszubildenden-foerdern\/\" aria-label=\"Modul 06: St\u00e4rken und Talente von benachteiligten Auszubildenden f\u00f6rdern\"><img loading=\"lazy\" decoding=\"async\" width=\"1024\" height=\"683\" src=\"https:\/\/inclusive-apprenticeships.eu\/wp-content\/uploads\/2025\/01\/brooke-cagle-uHVRvDr7pg-unsplash-4-1024x683.jpg\" class=\"attachment-large size-large wp-post-image\" alt=\"\" srcset=\"https:\/\/inclusive-apprenticeships.eu\/wp-content\/uploads\/2025\/01\/brooke-cagle-uHVRvDr7pg-unsplash-4-1024x683.jpg 1024w, https:\/\/inclusive-apprenticeships.eu\/wp-content\/uploads\/2025\/01\/brooke-cagle-uHVRvDr7pg-unsplash-4-300x200.jpg 300w\" sizes=\"auto, (max-width: 1024px) 100vw, 1024px\" \/><\/a><\/div><div class=\"w-vwrapper usg_vwrapper_1 align_none valign_top\"><h2 class=\"w-post-elm post_title usg_post_title_1 has_text_color entry-title color_link_inherit\"><a href=\"https:\/\/inclusive-apprenticeships.eu\/de\/courses-page\/modul-06-staerken-und-talente-von-benachteiligten-auszubildenden-foerdern\/\">Modul 06: St\u00e4rken und Talente von benachteiligten Auszubildenden f\u00f6rdern<\/a><\/h2><\/div>\t\t<\/div>\r\n\t<\/article>\r\n\t<article class=\"w-grid-item size_1x1 post-4771 stm-courses type-stm-courses status-publish has-post-thumbnail hentry stm_lms_course_taxonomy-inclusive-apprenticeships-training-programme-de\" data-id=\"4771\">\r\n\t\t<div class=\"w-grid-item-h\">\r\n\t\t\t\t\t\t<div class=\"w-post-elm post_image usg_post_image_1 stretched\"><a href=\"https:\/\/inclusive-apprenticeships.eu\/de\/courses-page\/module-7-how-to-assess-fewer-opportunities-and-disadvantaged-apprentices-progress-and-resultsde\/\" aria-label=\"Modul 07: Wie lassen sich Fortschritte und Ergebnisse von Auszubildenden mit geringeren Chancen bzw. von benachteiligten Personen beurteilen?\"><img loading=\"lazy\" decoding=\"async\" width=\"1024\" height=\"683\" src=\"https:\/\/inclusive-apprenticeships.eu\/wp-content\/uploads\/2025\/01\/jason-goodman-bzqU01v-G54-unsplash-4-1024x683.jpg\" class=\"attachment-large size-large wp-post-image\" alt=\"\" srcset=\"https:\/\/inclusive-apprenticeships.eu\/wp-content\/uploads\/2025\/01\/jason-goodman-bzqU01v-G54-unsplash-4-1024x683.jpg 1024w, https:\/\/inclusive-apprenticeships.eu\/wp-content\/uploads\/2025\/01\/jason-goodman-bzqU01v-G54-unsplash-4-300x200.jpg 300w\" sizes=\"auto, (max-width: 1024px) 100vw, 1024px\" \/><\/a><\/div><div class=\"w-vwrapper usg_vwrapper_1 align_none valign_top\"><h2 class=\"w-post-elm post_title usg_post_title_1 has_text_color entry-title color_link_inherit\"><a href=\"https:\/\/inclusive-apprenticeships.eu\/de\/courses-page\/module-7-how-to-assess-fewer-opportunities-and-disadvantaged-apprentices-progress-and-resultsde\/\">Modul 07: Wie lassen sich Fortschritte und Ergebnisse von Auszubildenden mit geringeren Chancen bzw. von benachteiligten Personen beurteilen?<\/a><\/h2><\/div>\t\t<\/div>\r\n\t<\/article>\r\n\t<article class=\"w-grid-item size_1x1 post-4895 stm-courses type-stm-courses status-publish has-post-thumbnail hentry stm_lms_course_taxonomy-inclusive-apprenticeships-training-programme-de\" data-id=\"4895\">\r\n\t\t<div class=\"w-grid-item-h\">\r\n\t\t\t\t\t\t<div class=\"w-post-elm post_image usg_post_image_1 stretched\"><a href=\"https:\/\/inclusive-apprenticeships.eu\/de\/courses-page\/modul-08-unterstuetzung-am-arbeitsplatz-in-abhaengigkeit-von-den-formen-der-benachteiligung\/\" aria-label=\"Modul 08: Unterst\u00fctzung am Arbeitsplatz in Abh\u00e4ngigkeit von den Formen der Benachteiligung\"><img loading=\"lazy\" decoding=\"async\" width=\"1024\" height=\"731\" src=\"https:\/\/inclusive-apprenticeships.eu\/wp-content\/uploads\/2025\/01\/2-3-1024x731.jpg\" class=\"attachment-large size-large wp-post-image\" alt=\"\" srcset=\"https:\/\/inclusive-apprenticeships.eu\/wp-content\/uploads\/2025\/01\/2-3-1024x731.jpg 1024w, https:\/\/inclusive-apprenticeships.eu\/wp-content\/uploads\/2025\/01\/2-3-300x214.jpg 300w, https:\/\/inclusive-apprenticeships.eu\/wp-content\/uploads\/2025\/01\/2-3-1120x800.jpg 1120w, https:\/\/inclusive-apprenticeships.eu\/wp-content\/uploads\/2025\/01\/2-3.jpg 1400w\" sizes=\"auto, (max-width: 1024px) 100vw, 1024px\" \/><\/a><\/div><div class=\"w-vwrapper usg_vwrapper_1 align_none valign_top\"><h2 class=\"w-post-elm post_title usg_post_title_1 has_text_color entry-title color_link_inherit\"><a href=\"https:\/\/inclusive-apprenticeships.eu\/de\/courses-page\/modul-08-unterstuetzung-am-arbeitsplatz-in-abhaengigkeit-von-den-formen-der-benachteiligung\/\">Modul 08: Unterst\u00fctzung am Arbeitsplatz in Abh\u00e4ngigkeit von den Formen der Benachteiligung<\/a><\/h2><\/div>\t\t<\/div>\r\n\t<\/article>\r\n\t<article class=\"w-grid-item size_1x1 post-5275 stm-courses type-stm-courses status-publish has-post-thumbnail hentry stm_lms_course_taxonomy-inclusive-apprenticeships-training-programme-de\" data-id=\"5275\">\r\n\t\t<div class=\"w-grid-item-h\">\r\n\t\t\t\t\t\t<div class=\"w-post-elm post_image usg_post_image_1 stretched\"><a href=\"https:\/\/inclusive-apprenticeships.eu\/de\/courses-page\/modul-09-zusaetzliche-unterstuetzung-zur-entwicklung-arbeitsgerechten-verhaltens-und-von-lebenskompetenzen\/\" aria-label=\"Modul 09: Zus\u00e4tzliche Unterst\u00fctzung zur Entwicklung arbeitsgerechten Verhaltens und von Lebenskompetenzen\"><img loading=\"lazy\" decoding=\"async\" width=\"1024\" height=\"683\" src=\"https:\/\/inclusive-apprenticeships.eu\/wp-content\/uploads\/2025\/02\/image027-1024x683.jpg\" class=\"attachment-large size-large wp-post-image\" alt=\"\" srcset=\"https:\/\/inclusive-apprenticeships.eu\/wp-content\/uploads\/2025\/02\/image027-1024x683.jpg 1024w, https:\/\/inclusive-apprenticeships.eu\/wp-content\/uploads\/2025\/02\/image027-300x200.jpg 300w\" sizes=\"auto, (max-width: 1024px) 100vw, 1024px\" \/><\/a><\/div><div class=\"w-vwrapper usg_vwrapper_1 align_none valign_top\"><h2 class=\"w-post-elm post_title usg_post_title_1 has_text_color entry-title color_link_inherit\"><a href=\"https:\/\/inclusive-apprenticeships.eu\/de\/courses-page\/modul-09-zusaetzliche-unterstuetzung-zur-entwicklung-arbeitsgerechten-verhaltens-und-von-lebenskompetenzen\/\">Modul 09: Zus\u00e4tzliche Unterst\u00fctzung zur Entwicklung arbeitsgerechten Verhaltens und von Lebenskompetenzen<\/a><\/h2><\/div>\t\t<\/div>\r\n\t<\/article>\r\n\t<article class=\"w-grid-item size_1x1 post-5409 stm-courses type-stm-courses status-publish has-post-thumbnail hentry stm_lms_course_taxonomy-inclusive-apprenticeships-training-programme-de\" data-id=\"5409\">\r\n\t\t<div class=\"w-grid-item-h\">\r\n\t\t\t\t\t\t<div class=\"w-post-elm post_image usg_post_image_1 stretched\"><a href=\"https:\/\/inclusive-apprenticeships.eu\/de\/courses-page\/modul-10-massnahmen-und-unterstuetzung-zur-direkten-steigerung-der-beschaeftigungsfaehigkeit-benachteiligter-auszubildender\/\" aria-label=\"Modul 10: Ma\u00dfnahmen und Unterst\u00fctzung zur direkten Steigerung der Besch\u00e4ftigungsf\u00e4higkeit benachteiligter Auszubildender\"><img loading=\"lazy\" decoding=\"async\" width=\"1024\" height=\"683\" src=\"https:\/\/inclusive-apprenticeships.eu\/wp-content\/uploads\/2025\/02\/image027-1-1024x683.jpg\" class=\"attachment-large size-large wp-post-image\" alt=\"\" srcset=\"https:\/\/inclusive-apprenticeships.eu\/wp-content\/uploads\/2025\/02\/image027-1-1024x683.jpg 1024w, https:\/\/inclusive-apprenticeships.eu\/wp-content\/uploads\/2025\/02\/image027-1-300x200.jpg 300w\" sizes=\"auto, (max-width: 1024px) 100vw, 1024px\" \/><\/a><\/div><div class=\"w-vwrapper usg_vwrapper_1 align_none valign_top\"><h2 class=\"w-post-elm post_title usg_post_title_1 has_text_color entry-title color_link_inherit\"><a href=\"https:\/\/inclusive-apprenticeships.eu\/de\/courses-page\/modul-10-massnahmen-und-unterstuetzung-zur-direkten-steigerung-der-beschaeftigungsfaehigkeit-benachteiligter-auszubildender\/\">Modul 10: Ma\u00dfnahmen und Unterst\u00fctzung zur direkten Steigerung der Besch\u00e4ftigungsf\u00e4higkeit benachteiligter Auszubildender<\/a><\/h2><\/div>\t\t<\/div>\r\n\t<\/article>\r\n\t<article class=\"w-grid-item size_1x1 post-5695 stm-courses type-stm-courses status-publish has-post-thumbnail hentry stm_lms_course_taxonomy-schulungsprogramm-fuer-integrative-lehrstellen\" data-id=\"5695\">\r\n\t\t<div class=\"w-grid-item-h\">\r\n\t\t\t\t\t\t<div class=\"w-post-elm post_image usg_post_image_1 stretched\"><a href=\"https:\/\/inclusive-apprenticeships.eu\/de\/courses-page\/module-11-social-enrichment-activities\/\" aria-label=\"Modul 11: Aktivit\u00e4ten zur sozialen Bereicherung\"><img loading=\"lazy\" decoding=\"async\" width=\"1024\" height=\"680\" src=\"https:\/\/inclusive-apprenticeships.eu\/wp-content\/uploads\/2025\/02\/kate-sade-2zZp12ChxhU-unsplash-1024x680.jpg\" class=\"attachment-large size-large wp-post-image\" alt=\"\" srcset=\"https:\/\/inclusive-apprenticeships.eu\/wp-content\/uploads\/2025\/02\/kate-sade-2zZp12ChxhU-unsplash-1024x680.jpg 1024w, https:\/\/inclusive-apprenticeships.eu\/wp-content\/uploads\/2025\/02\/kate-sade-2zZp12ChxhU-unsplash-300x199.jpg 300w\" sizes=\"auto, (max-width: 1024px) 100vw, 1024px\" \/><\/a><\/div><div class=\"w-vwrapper usg_vwrapper_1 align_none valign_top\"><h2 class=\"w-post-elm post_title usg_post_title_1 has_text_color entry-title color_link_inherit\"><a href=\"https:\/\/inclusive-apprenticeships.eu\/de\/courses-page\/module-11-social-enrichment-activities\/\">Modul 11: Aktivit\u00e4ten zur sozialen Bereicherung<\/a><\/h2><\/div>\t\t<\/div>\r\n\t<\/article>\r\n\t<article class=\"w-grid-item size_1x1 post-5786 stm-courses type-stm-courses status-publish has-post-thumbnail hentry stm_lms_course_taxonomy-schulungsprogramm-fuer-integrative-lehrstellen\" data-id=\"5786\">\r\n\t\t<div class=\"w-grid-item-h\">\r\n\t\t\t\t\t\t<div class=\"w-post-elm post_image usg_post_image_1 stretched\"><a href=\"https:\/\/inclusive-apprenticeships.eu\/de\/courses-page\/modul-12-interessenvertretung-erfolgsgeschichten-bekannt-machen-erfahrungen-mit-gleichgesinnten-teilen\/\" aria-label=\"Modul 12: Interessenvertretung (Erfolgsgeschichten bekannt machen, Erfahrungen mit Gleichgesinnten teilen)\"><img loading=\"lazy\" decoding=\"async\" width=\"1024\" height=\"672\" src=\"https:\/\/inclusive-apprenticeships.eu\/wp-content\/uploads\/2025\/02\/working-from-home-ergonomic-workstation-1-1024x672.jpg\" class=\"attachment-large size-large wp-post-image\" alt=\"\" srcset=\"https:\/\/inclusive-apprenticeships.eu\/wp-content\/uploads\/2025\/02\/working-from-home-ergonomic-workstation-1-1024x672.jpg 1024w, https:\/\/inclusive-apprenticeships.eu\/wp-content\/uploads\/2025\/02\/working-from-home-ergonomic-workstation-1-300x197.jpg 300w, https:\/\/inclusive-apprenticeships.eu\/wp-content\/uploads\/2025\/02\/working-from-home-ergonomic-workstation-1.jpg 1304w\" sizes=\"auto, (max-width: 1024px) 100vw, 1024px\" \/><\/a><\/div><div class=\"w-vwrapper usg_vwrapper_1 align_none valign_top\"><h2 class=\"w-post-elm post_title usg_post_title_1 has_text_color entry-title color_link_inherit\"><a href=\"https:\/\/inclusive-apprenticeships.eu\/de\/courses-page\/modul-12-interessenvertretung-erfolgsgeschichten-bekannt-machen-erfahrungen-mit-gleichgesinnten-teilen\/\">Modul 12: Interessenvertretung (Erfolgsgeschichten bekannt machen, Erfahrungen mit Gleichgesinnten teilen)<\/a><\/h2><\/div>\t\t<\/div>\r\n\t<\/article>\r\n<\/div><div class=\"w-grid-preloader\">\t<div class=\"g-preloader type_1\">\r\n\t\t<div><\/div>\r\n\t<\/div>\r\n\t<\/div>\t<div class=\"w-grid-json hidden\" onclick='return {&quot;action&quot;:&quot;us_ajax_grid&quot;,&quot;ajax_url&quot;:&quot;https:\\\/\\\/inclusive-apprenticeships.eu\\\/wp-admin\\\/admin-ajax.php&quot;,&quot;infinite_scroll&quot;:0,&quot;max_num_pages&quot;:1,&quot;pagination&quot;:&quot;none&quot;,&quot;template_vars&quot;:{&quot;columns&quot;:&quot;3&quot;,&quot;exclude_items&quot;:&quot;none&quot;,&quot;img_size&quot;:&quot;default&quot;,&quot;ignore_items_size&quot;:0,&quot;items_layout&quot;:&quot;634&quot;,&quot;items_offset&quot;:&quot;1&quot;,&quot;load_animation&quot;:&quot;none&quot;,&quot;overriding_link&quot;:&quot;%7B%22url%22%3A%22%22%7D&quot;,&quot;post_id&quot;:0,&quot;query_args&quot;:{&quot;post_type&quot;:[&quot;stm-courses&quot;],&quot;tax_query&quot;:[{&quot;taxonomy&quot;:&quot;stm_lms_course_taxonomy&quot;,&quot;field&quot;:&quot;slug&quot;,&quot;terms&quot;:[&quot;inclusive-apprenticeships-training-programme-2&quot;,&quot;inclusive-apprenticeships-training-programme-de&quot;,&quot;schulungsprogramm-fuer-integrative-lehrstellen&quot;]}],&quot;post_status&quot;:[&quot;publish&quot;],&quot;posts_per_page&quot;:&quot;22&quot;},&quot;orderby_query_args&quot;:{&quot;orderby&quot;:{&quot;title&quot;:&quot;ASC&quot;},&quot;order&quot;:&quot;ASC&quot;},&quot;type&quot;:&quot;grid&quot;,&quot;us_grid_ajax_index&quot;:1,&quot;us_grid_filter_params&quot;:[],&quot;us_grid_index&quot;:1,&quot;_us_grid_post_type&quot;:&quot;stm-courses&quot;,&quot;page_args&quot;:[],&quot;lang&quot;:&quot;de&quot;}}'><\/div>\r\n\t<\/div><\/div><\/div><\/div><\/div><\/div><\/section>\n","protected":false},"excerpt":{"rendered":"Modul 12 In diesem Modul lernen Unternehmensmentor_innen, wie sie ein Beispiel guter Praxis veranschaulichen, Peer-Learning durchf\u00fchren, wirksame Werbe- und Verbreitungsaktivit\u00e4ten, -methoden und -kan\u00e4le ermitteln und relevante Zielgruppen identifizieren. Lektion 12.1: So erstellen Sie Fallstudien und Erfolgsgeschichten Sie erhalten einen Leitfaden zur Erstellung von Fallstudien und Erfolgsgeschichten, um die im Rahmen der inklusiven Ausbildung identifizierten Good-Practice-Beispiele...","protected":false},"author":1,"featured_media":0,"parent":0,"menu_order":0,"comment_status":"closed","ping_status":"closed","template":"","meta":{"footnotes":""},"class_list":["post-6024","page","type-page","status-publish","hentry"],"_links":{"self":[{"href":"https:\/\/inclusive-apprenticeships.eu\/de\/wp-json\/wp\/v2\/pages\/6024","targetHints":{"allow":["GET"]}}],"collection":[{"href":"https:\/\/inclusive-apprenticeships.eu\/de\/wp-json\/wp\/v2\/pages"}],"about":[{"href":"https:\/\/inclusive-apprenticeships.eu\/de\/wp-json\/wp\/v2\/types\/page"}],"author":[{"embeddable":true,"href":"https:\/\/inclusive-apprenticeships.eu\/de\/wp-json\/wp\/v2\/users\/1"}],"replies":[{"embeddable":true,"href":"https:\/\/inclusive-apprenticeships.eu\/de\/wp-json\/wp\/v2\/comments?post=6024"}],"version-history":[{"count":3,"href":"https:\/\/inclusive-apprenticeships.eu\/de\/wp-json\/wp\/v2\/pages\/6024\/revisions"}],"predecessor-version":[{"id":8867,"href":"https:\/\/inclusive-apprenticeships.eu\/de\/wp-json\/wp\/v2\/pages\/6024\/revisions\/8867"}],"wp:attachment":[{"href":"https:\/\/inclusive-apprenticeships.eu\/de\/wp-json\/wp\/v2\/media?parent=6024"}],"curies":[{"name":"wp","href":"https:\/\/api.w.org\/{rel}","templated":true}]}}